{"id":645,"date":"2020-06-25T11:47:17","date_gmt":"2020-06-25T11:47:17","guid":{"rendered":"http:\/\/www.rod-rakowiec.pl\/?page_id=645"},"modified":"2026-04-13T09:52:33","modified_gmt":"2026-04-13T09:52:33","slug":"oplaty-za-rok-2020","status":"publish","type":"page","link":"http:\/\/www.rod-rakowiec.pl\/?page_id=645","title":{"rendered":"OP\u0141ATY"},"content":{"rendered":"\n<p><\/p>\n\n\n\n<p><strong>OP\u0141ATY OGRODOWE W 2026 ROKU<\/strong><\/p>\n\n\n\n<p><strong>W dniu 12 kwietnia 2026 r. Walne zebranie sprawozdawcze PZD ROD \u201eRAKOWIEC\u201d uchwali\u0142o wysoko\u015b\u0107 op\u0142at ogrodowych oraz terminy ich wnoszenia.<\/strong><\/p>\n\n\n\n<p><strong>Uchwalone op\u0142aty obowi\u0105zuj\u0105 wszystkich u\u017cytkownik\u00f3w dzia\u0142ek.<\/strong><\/p>\n\n\n\n<h1 class=\"wp-block-heading\">DO 31 MAJA<\/h1>\n\n\n\n<p><strong>1. op\u0142ata za u\u017cytkowanie \u2013 1,76 z\u0142 za m<sup>2<\/sup> dzia\u0142ki<\/strong><\/p>\n\n\n\n<p><strong>(w tym op\u0142ata partycypacyjna na rzecz PZD \u2013 0,16 z\u0142\/m<sup>2<\/sup>)<\/strong><strong><\/strong><\/p>\n\n\n\n<p><strong>2. sk\u0142adka cz\u0142onkowska \u2013 10,00 z\u0142 (od ka\u017cdego cz\u0142onka PZD)<\/strong><\/p>\n\n\n\n<p><strong>3. op\u0142ata wodna \u2013 5,00 z\u0142 (od dzia\u0142ki)<\/strong><\/p>\n\n\n\n<p><strong>4. op\u0142ata energetyczna \u2013 1,00 z\u0142 (od dzia\u0142ki)<\/strong><\/p>\n\n\n\n<p><strong>5. op\u0142ata \u015bmieciowa za rok \u2013 420,00 z\u0142 (od dzia\u0142ki)<\/strong><\/p>\n\n\n\n<h1 class=\"wp-block-heading\">DO 31 PA\u0179DZIERNIKA<\/h1>\n\n\n\n<p><strong>1. op\u0142ata za energi\u0119 elektryczn\u0105 (wg licznika) \u2013 1,02 z\u0142\/kWh<\/strong><\/p>\n\n\n\n<p><strong>2. op\u0142ata za zu\u017cyt\u0105 wod\u0119 (wg wskaza\u0144 licznika) \u2013 5,92 z\u0142\/1m<sup>3<\/sup><\/strong><\/p>\n\n\n\n<h1 class=\"wp-block-heading\">&nbsp;<\/h1>\n\n\n\n<h1 class=\"wp-block-heading\">OP\u0141ATY ZA OCHRON\u0118<\/h1>\n\n\n\n<p><strong>wnoszone kwartalnie.<\/strong><\/p>\n\n\n\n<ol class=\"wp-block-list\">\n<li><strong>za I kwarta\u0142 \u2013 120,00 z\u0142 do 15 lutego<\/strong><\/li>\n\n\n\n<li><strong>za II kwarta\u0142 \u2013 130,00 z\u0142 do 15 maja<\/strong><\/li>\n\n\n\n<li><strong>za III kwarta\u0142 \u2013 130,00 z\u0142 do 15 sierpnia<\/strong><\/li>\n\n\n\n<li><strong>za IV kwarta\u0142 \u2013 120,00 z\u0142 do 15 listopada<\/strong><\/li>\n<\/ol>\n\n\n\n<p><strong>Za zw\u0142ok\u0119 w uiszczaniu op\u0142at naliczane s\u0105 ustawowe odsetki<\/strong><\/p>\n\n\n\n<p><strong>(\u00a7 19 ust. 1 Regulaminu ROD)<\/strong><\/p>\n\n\n\n<h2 class=\"wp-block-heading\">Prosimy o wp\u0142acanie w miar\u0119 mo\u017cliwo\u015bci na konto bankowe:<\/h2>\n\n\n\n<h2 class=\"wp-block-heading\">69 1020 4900 0000 8202 3736 9566<\/h2>\n\n\n\n<p>&nbsp;Zarz\u0105d ROD \u201eRakowiec\u201d w Warszawieodane po ich uchwaleniu na Walnym Zebraniu najp\u00f3\u017aniej do ko\u0144ca kwietnia 2026 roku.<\/p>\n\n\n\n<p><\/p>\n\n\n\n<p>&#8212;&#8212;&#8212;&#8212;&#8212;&#8212;&#8212;&#8212;&#8212;&#8212;&#8212;&#8212;&#8212;&#8212;&#8212;&#8212;&#8212;&#8212;&#8212;&#8212;&#8212;<\/p>\n\n\n\n<h3 class=\"wp-block-heading\"><\/h3>\n\n\n\n<h4 class=\"wp-block-heading\">Op\u0142ata ogrodowa obowi\u0105zuj\u0105ca nowych nabywc\u00f3w praw do dzia\u0142ki w ROD RAKOWIEC w 2026 roku wynosi 2690 z\u0142, w tym:<\/h4>\n\n\n\n<h4 class=\"wp-block-heading\">600 z\u0142 op\u0142ata wpisowa ustalona przez PZD OZM<\/h4>\n\n\n\n<h4 class=\"wp-block-heading\">2090 z\u0142 op\u0142ata inwestycyjna przyj\u0119ta przez Zarz\u0105d ROD RAKOWIEC (Z niniejszej op\u0142aty na koszty ogrodu, na podstawie przepis\u00f3w \u00a7 147 ust. 4 Statutu PZD zwolnieni s\u0105 dzia\u0142kowcy nabywaj\u0105cy prawo do dzia\u0142ki od osoby bliskiej (zgodnie z definicj\u0105 zawart\u0105 w art. 2 ust. 8 ustawy z dnia 13 grudnia 2013 r. o rod)<\/h4>\n\n\n\n<h4 class=\"wp-block-heading\">OP\u0141ATY ZA OD\u0141\u0104CZENIE I POD\u0141\u0104CZENIE ENERGII ELEKTRYCZNEJ<\/h4>\n\n\n\n<p>1. Op\u0142ata za od\u0142\u0105czenie energii elektrycznej w zwi\u0105zku z nieterminowym regulowaniem op\u0142at za energi\u0119 \u2013 250 z\u0142<\/p>\n\n\n\n<p>2. Op\u0142ata za ponowne przy\u0142\u0105czenie energii elektrycznej po op\u0142aceniu zaleg\u0142o\u015bci \u2013 250 z\u0142<\/p>\n\n\n\n<p><strong>Apelujemy do wszystkich dzia\u0142kowc\u00f3w o wnoszenie powy\u017cszych op\u0142at na konto bankowe ogrodu:<\/strong><\/p>\n\n\n\n<h1 class=\"wp-block-heading\"><strong>BANK PKO BP<\/strong><\/h1>\n\n\n\n<h1 class=\"wp-block-heading\">Aktualny numer konta:<\/h1>\n\n\n\n<p><br \/><strong>69 1020 4900 0000 8202 3736 9566<\/strong><\/p>\n\n\n\n<p><strong>Stosowanie powy\u017cszej zasady ograniczy kolejk\u0119 do kasy<br \/>i zwi\u0119kszy czas przyjemnie sp\u0119dzony na dzia\u0142ce.<\/strong><\/p>\n\n\n\n<p><em><strong>Z powa\u017caniem<br \/>ZARZ\u0104D ROD RAKOWIEC<\/strong><\/em><\/p>\n\n\n\n<p><em>(Podstawa prawna <\/em><em>\u00a7 18 Regulaminu ROD i \u00a7 149 <\/em><em>Statutu PZD)<\/em><\/p>\n\n\n\n<p><\/p>\n","protected":false},"excerpt":{"rendered":"<p>OP\u0141ATY OGRODOWE W 2026 ROKU W dniu 12 kwietnia 2026 r. Walne zebranie sprawozdawcze PZD ROD \u201eRAKOWIEC\u201d uchwali\u0142o wysoko\u015b\u0107 op\u0142at ogrodowych oraz terminy ich wnoszenia. Uchwalone op\u0142aty obowi\u0105zuj\u0105 wszystkich u\u017cytkownik\u00f3w dzia\u0142ek. DO 31 MAJA 1. op\u0142ata za u\u017cytkowanie \u2013 1,76 z\u0142 za m2 dzia\u0142ki (w tym op\u0142ata partycypacyjna na rzecz PZD \u2013 0,16 z\u0142\/m2) 2. &hellip; <\/p>\n<p class=\"link-more\"><a href=\"http:\/\/www.rod-rakowiec.pl\/?page_id=645\" class=\"more-link\">Czytaj dalej<span class=\"screen-reader-text\"> \u201eOP\u0141ATY\u201d<\/span><\/a><\/p>\n","protected":false},"author":1,"featured_media":0,"parent":0,"menu_order":0,"comment_status":"closed","ping_status":"closed","template":"","meta":{"footnotes":""},"class_list":["post-645","page","type-page","status-publish","hentry"],"_links":{"self":[{"href":"http:\/\/www.rod-rakowiec.pl\/index.php?rest_route=\/wp\/v2\/pages\/645","targetHints":{"allow":["GET"]}}],"collection":[{"href":"http:\/\/www.rod-rakowiec.pl\/index.php?rest_route=\/wp\/v2\/pages"}],"about":[{"href":"http:\/\/www.rod-rakowiec.pl\/index.php?rest_route=\/wp\/v2\/types\/page"}],"author":[{"embeddable":true,"href":"http:\/\/www.rod-rakowiec.pl\/index.php?rest_route=\/wp\/v2\/users\/1"}],"replies":[{"embeddable":true,"href":"http:\/\/www.rod-rakowiec.pl\/index.php?rest_route=%2Fwp%2Fv2%2Fcomments&post=645"}],"version-history":[{"count":46,"href":"http:\/\/www.rod-rakowiec.pl\/index.php?rest_route=\/wp\/v2\/pages\/645\/revisions"}],"predecessor-version":[{"id":1637,"href":"http:\/\/www.rod-rakowiec.pl\/index.php?rest_route=\/wp\/v2\/pages\/645\/revisions\/1637"}],"wp:attachment":[{"href":"http:\/\/www.rod-rakowiec.pl\/index.php?rest_route=%2Fwp%2Fv2%2Fmedia&parent=645"}],"curies":[{"name":"wp","href":"https:\/\/api.w.org\/{rel}","templated":true}]}}