{"id":360,"date":"2017-06-01T16:55:32","date_gmt":"2017-06-01T16:55:32","guid":{"rendered":"http:\/\/www.rod-rakowiec.pl\/?page_id=360"},"modified":"2024-03-26T11:31:14","modified_gmt":"2024-03-26T11:31:14","slug":"wizyty-w-r-o-d-rakowiec","status":"publish","type":"page","link":"http:\/\/www.rod-rakowiec.pl\/?page_id=360","title":{"rendered":"Wizyty w ROD Rakowiec"},"content":{"rendered":"<h2><span style=\"color: #339966;\"><strong>Finowie &#8211; 2007 rok<\/strong><\/span><\/h2>\n<p><strong>Wrzesie\u0144, w naszym ogrodzie, podobnie jak ca\u0142y rok 2007, obfitowa\u0142 w r\u00f3\u017cne, ciekawe wydarzenia.<br \/>\n<\/strong><\/p>\n<p><a href=\"http:\/\/www.rod-rakowiec.pl\/wp-content\/uploads\/2017\/06\/Obraz38.jpg\"><img loading=\"lazy\" decoding=\"async\" class=\"size-medium wp-image-356 alignleft\" src=\"http:\/\/www.rod-rakowiec.pl\/wp-content\/uploads\/2017\/06\/Obraz38-300x225.jpg\" alt=\"\" width=\"300\" height=\"225\" srcset=\"http:\/\/www.rod-rakowiec.pl\/wp-content\/uploads\/2017\/06\/Obraz38-300x225.jpg 300w, http:\/\/www.rod-rakowiec.pl\/wp-content\/uploads\/2017\/06\/Obraz38-768x576.jpg 768w, http:\/\/www.rod-rakowiec.pl\/wp-content\/uploads\/2017\/06\/Obraz38-1024x768.jpg 1024w, http:\/\/www.rod-rakowiec.pl\/wp-content\/uploads\/2017\/06\/Obraz38.jpg 1025w\" sizes=\"auto, (max-width: 300px) 100vw, 300px\" \/><\/a>8 wrze\u015bnia go\u015bcili\u015bmy w naszym Ogrodzie Dzia\u0142kowc\u00f3w z Finlandii. Prawie 50 os\u00f3b. Fi\u0144scy dzia\u0142kowcy zostali przyj\u0119ci polskim pocz\u0119stunkiem. Najbardziej chyba smakowa\u0142y im racuchy Krzysztofa Szyma\u0144skiego! Podczas biesiady poznali troch\u0119 naszej historii ogrodowej. P\u00f3\u017aniej udali si\u0119 na zwiedzanie Ogrodu. Pod opiek\u0105 Barbary Duszy\u0144skiej, Bogumi\u0142y Nawrot oraz Joanny Sacharewicz.<\/p>\n<h2><strong><span style=\"color: #339966;\">\u00a0Japo\u0144czycy &#8211; 2008 rok<\/span><\/strong><\/h2>\n<p><strong>W sierpniu 2008 roki, go\u015bcili\u015bmy dzia\u0142kowc\u00f3w z Japonii, kt\u00f3rzy przyjechali na Kongres Dzia\u0142kowc\u00f3w.<\/strong><\/p>\n<p><a href=\"http:\/\/www.rod-rakowiec.pl\/wp-content\/uploads\/2017\/06\/Obraz40.jpg\"><img loading=\"lazy\" decoding=\"async\" class=\"size-medium wp-image-358 alignleft\" src=\"http:\/\/www.rod-rakowiec.pl\/wp-content\/uploads\/2017\/06\/Obraz40-300x226.jpg\" alt=\"\" width=\"300\" height=\"226\" srcset=\"http:\/\/www.rod-rakowiec.pl\/wp-content\/uploads\/2017\/06\/Obraz40-300x226.jpg 300w, http:\/\/www.rod-rakowiec.pl\/wp-content\/uploads\/2017\/06\/Obraz40-768x580.jpg 768w, http:\/\/www.rod-rakowiec.pl\/wp-content\/uploads\/2017\/06\/Obraz40.jpg 1020w\" sizes=\"auto, (max-width: 300px) 100vw, 300px\" \/><\/a>Go\u015bcie bardzo interesowali si\u0119 zagospodarowaniem naszych &#8222;ogromnych&#8221; dzia\u0142ek. U nich, w Japonii, dzia\u0142kowcy uprawiaj\u0105 przewa\u017cnie poletka w ca\u0142o\u015bci 30 m2. Po zwiedzeniu Ogrodu zaprosili\u015bmy dzia\u0142kowc\u00f3w z Japonii i towarzysz\u0105cych im Antoniego Kostrzew\u0119 i Andrzeja \u0141ukasiewicza z Zarz\u0105du Okr\u0119gowego na spotkanie do Domu Dzia\u0142kowca, po\u0142\u0105czone z degustacj\u0105 polskich potraw. Na zako\u0144czenie wizyty w ROD &#8222;Rakowiec&#8221; Japo\u0144czycy zrobili sobie pami\u0105tkowe zdj\u0119cie przed budynkiem naszego Domu Dzia\u0142kowca. <strong>Nasi go\u015bcie byli poruszeni zgotowanym im przyj\u0119ciem. W podzi\u0119kowaniu przys\u0142ali nam p\u00f3\u017aniej folder i p\u0142yt\u0119 z filmem o regionie, w kt\u00f3rym mieszkaj\u0105 oraz pi\u0119kn\u0105 lalk\u0119 w oryginalnym japo\u0144skim stroju.<\/strong><\/p>\n","protected":false},"excerpt":{"rendered":"<p>Finowie &#8211; 2007 rok Wrzesie\u0144, w naszym ogrodzie, podobnie jak ca\u0142y rok 2007, obfitowa\u0142 w r\u00f3\u017cne, ciekawe wydarzenia. 8 wrze\u015bnia go\u015bcili\u015bmy w naszym Ogrodzie Dzia\u0142kowc\u00f3w z Finlandii. Prawie 50 os\u00f3b. Fi\u0144scy dzia\u0142kowcy zostali przyj\u0119ci polskim pocz\u0119stunkiem. Najbardziej chyba smakowa\u0142y im racuchy Krzysztofa Szyma\u0144skiego! Podczas biesiady poznali troch\u0119 naszej historii ogrodowej. P\u00f3\u017aniej udali si\u0119 na zwiedzanie &hellip; <\/p>\n<p class=\"link-more\"><a href=\"http:\/\/www.rod-rakowiec.pl\/?page_id=360\" class=\"more-link\">Czytaj dalej<span class=\"screen-reader-text\"> \u201eWizyty w ROD Rakowiec\u201d<\/span><\/a><\/p>\n","protected":false},"author":1,"featured_media":0,"parent":26,"menu_order":0,"comment_status":"closed","ping_status":"closed","template":"","meta":{"footnotes":""},"class_list":["post-360","page","type-page","status-publish","hentry"],"_links":{"self":[{"href":"http:\/\/www.rod-rakowiec.pl\/index.php?rest_route=\/wp\/v2\/pages\/360","targetHints":{"allow":["GET"]}}],"collection":[{"href":"http:\/\/www.rod-rakowiec.pl\/index.php?rest_route=\/wp\/v2\/pages"}],"about":[{"href":"http:\/\/www.rod-rakowiec.pl\/index.php?rest_route=\/wp\/v2\/types\/page"}],"author":[{"embeddable":true,"href":"http:\/\/www.rod-rakowiec.pl\/index.php?rest_route=\/wp\/v2\/users\/1"}],"replies":[{"embeddable":true,"href":"http:\/\/www.rod-rakowiec.pl\/index.php?rest_route=%2Fwp%2Fv2%2Fcomments&post=360"}],"version-history":[{"count":9,"href":"http:\/\/www.rod-rakowiec.pl\/index.php?rest_route=\/wp\/v2\/pages\/360\/revisions"}],"predecessor-version":[{"id":1291,"href":"http:\/\/www.rod-rakowiec.pl\/index.php?rest_route=\/wp\/v2\/pages\/360\/revisions\/1291"}],"up":[{"embeddable":true,"href":"http:\/\/www.rod-rakowiec.pl\/index.php?rest_route=\/wp\/v2\/pages\/26"}],"wp:attachment":[{"href":"http:\/\/www.rod-rakowiec.pl\/index.php?rest_route=%2Fwp%2Fv2%2Fmedia&parent=360"}],"curies":[{"name":"wp","href":"https:\/\/api.w.org\/{rel}","templated":true}]}}