{"id":281,"date":"2017-04-17T07:40:25","date_gmt":"2017-04-17T07:40:25","guid":{"rendered":"http:\/\/www.rod-rakowiec.pl\/?page_id=281"},"modified":"2018-12-17T08:29:30","modified_gmt":"2018-12-17T08:29:30","slug":"historia-ogrodu","status":"publish","type":"page","link":"http:\/\/www.rod-rakowiec.pl\/?page_id=281","title":{"rendered":"Historia Ogrodu"},"content":{"rendered":"<h2 style=\"text-align: center;\"><strong>Kr\u00f3tka Historia Ogrodu<\/strong><\/h2>\n<h5><strong>KIEDY POWSTA\u0141?<\/strong><\/h5>\n<p>Ogr\u00f3d dzia\u0142kowy ROD &#8222;Rakowiec&#8221; powsta\u0142 40 lat po pierwszym ogrodzie w Polsce: Grudzi\u0105dz 1887r. \u2013 K\u0105piele S\u0142oneczne\u00a0i 25 lat po pierwszym warszawskim ogrodzie: przy ul. Ody\u0144ca \u2013 Obro\u0144c\u00f3w Pokoju.<\/p>\n<p>Jest obecnie drugim istniej\u0105cym z najstarszych ogrod\u00f3w w Stolicy. Le\u017cy w mokotowskim klinie nawietrzaj\u0105cym Warszaw\u0119 i zajmuje oko\u0142o 19 ha.<\/p>\n<h5><\/h5>\n<h5>OGR\u00d3D PODCZAS WOJNY<\/h5>\n<div class=\"page\" title=\"Page 3\">\n<div class=\"section\">\n<div class=\"layoutArea\">\n<div class=\"column\">\n<p><strong>1939<\/strong>\u00a0\u2013 wojna hamuje rozw\u00f3j Ogrodu i podnosi jego rang\u0119 jako \u017cywiciela dzia\u0142kowc\u00f3w i ich rodzin,<\/p>\n<p><strong>1939-44<\/strong>\u00a0\u2013 Ogr\u00f3d pe\u0142ni funkcj\u0119 pomocnicz\u0105 w akcjach oporu i konspiracji,<\/p>\n<p><strong>1944<\/strong>\u00a0\u2013 ca\u0142kowita dewastacja Ogrodu podczas Powstania Warszawskiego.<\/p>\n<h5><\/h5>\n<h5>ODRODZENIE OGRODU ZARAZ PO WOJNIE<\/h5>\n<p><strong>1945<\/strong>\u00a0\u2013 \u017cywio\u0142owa odbudowa Ogrodu,<\/p>\n<div class=\"page\" title=\"Page 4\">\n<div class=\"section\">\n<div class=\"layoutArea\">\n<div class=\"column\">\n<p><strong>1949<\/strong>\u00a0\u2013 w Ogrodzie powstaje murowany budynek i magazyny. Wykonano szkielet sieci wodoci\u0105gowej i doprowadzono energi\u0119 elektryczn\u0105 do budynk\u00f3w administracyjnych. Ogr\u00f3d otrzymuje nazw\u0119 Pracowniczy Ogr\u00f3d Dzia\u0142kowy \u201eRakowiec\u201d<\/p>\n<h5><\/h5>\n<h5>DZIA\u0141ALNO\u015a\u0106 OGRODU OD ROKU 1971<\/h5>\n<p>W\u0142adze PZD i w\u0142adze miejskie typuj\u0105 Ogr\u00f3d jako pokazowy i spe\u0142niaj\u0105cy rol\u0119 reprezentacyjn\u0105.\u00a0Ogr\u00f3d otrzyma\u0142 dodatkowy teren od Miejskiego Przedsi\u0119- biorstwa Ogrodniczego i teren parkowy starodrzewia.<\/p>\n<p><a href=\"http:\/\/www.rod-rakowiec.pl\/wp-content\/uploads\/2017\/06\/Obraz14.jpg\"><img loading=\"lazy\" decoding=\"async\" class=\"size-medium wp-image-332 alignleft\" src=\"http:\/\/www.rod-rakowiec.pl\/wp-content\/uploads\/2017\/06\/Obraz14-300x226.jpg\" alt=\"\" width=\"300\" height=\"226\" srcset=\"http:\/\/www.rod-rakowiec.pl\/wp-content\/uploads\/2017\/06\/Obraz14-300x226.jpg 300w, http:\/\/www.rod-rakowiec.pl\/wp-content\/uploads\/2017\/06\/Obraz14-768x578.jpg 768w, http:\/\/www.rod-rakowiec.pl\/wp-content\/uploads\/2017\/06\/Obraz14-1024x771.jpg 1024w, http:\/\/www.rod-rakowiec.pl\/wp-content\/uploads\/2017\/06\/Obraz14.jpg 1540w\" sizes=\"auto, (max-width: 300px) 100vw, 300px\" \/><\/a><\/p>\n<p>&nbsp;<\/p>\n<p>Nast\u0119puje dobudowa \u015bwietlicy Domu Dzia\u0142kowca, remontowana jest cz\u0119\u015b\u0107 ogrodzenia oraz\u00a0powstaje wiata magazynowa i nowa sie\u0107 wodoci\u0105gowa.<\/p>\n<div class=\"page\" title=\"Page 40\">\n<div class=\"section\">\n<div class=\"layoutArea\">\n<div class=\"column\">\n<h5><\/h5>\n<h5><\/h5>\n<h5>DZIA\u0141ALNO\u015a\u0106 OGRODU \u00a0Z POLSKIM KOMITETEM POMOCY SPO\u0141ECZNEJ<\/h5>\n<p><strong><a href=\"http:\/\/www.rod-rakowiec.pl\/wp-content\/uploads\/2017\/06\/Obraz28.jpg\"><img loading=\"lazy\" decoding=\"async\" class=\"size-medium wp-image-346 alignleft\" src=\"http:\/\/www.rod-rakowiec.pl\/wp-content\/uploads\/2017\/06\/Obraz28-300x226.jpg\" alt=\"\" width=\"300\" height=\"226\" srcset=\"http:\/\/www.rod-rakowiec.pl\/wp-content\/uploads\/2017\/06\/Obraz28-300x226.jpg 300w, http:\/\/www.rod-rakowiec.pl\/wp-content\/uploads\/2017\/06\/Obraz28-768x579.jpg 768w, http:\/\/www.rod-rakowiec.pl\/wp-content\/uploads\/2017\/06\/Obraz28-1024x772.jpg 1024w, http:\/\/www.rod-rakowiec.pl\/wp-content\/uploads\/2017\/06\/Obraz28.jpg 1583w\" sizes=\"auto, (max-width: 300px) 100vw, 300px\" \/><\/a>1975<\/strong>\u00a0\u2013 rozpocz\u0119cie wraz z Polskim Komitetem Pomocy Spo\u0142ecznej organizacji wczas\u00f3w dziennych dla emeryt\u00f3w i rencist\u00f3w. Ogr\u00f3d otwiera swe bramy dla spo\u0142eczno\u015bci Warszawy. Wi\u0119cej informacji na temat Lato dla Seniora mo\u017cna uzyska\u0107 na stronie &#8222;Lato Seniora&#8221;<\/p>\n<p><strong>od 2000<\/strong>\u00a0\u2013 Oddzia\u0142 Ochocki PKPS wraz ze swoimi podopiecznymi ju\u017c corocznie go\u015bci w POD \u201eRakowiec\u201d.<\/p>\n<\/div>\n<\/div>\n<\/div>\n<\/div>\n<p><strong><a href=\"http:\/\/www.rod-rakowiec.pl\/wp-content\/uploads\/2017\/06\/Obraz30.jpg\"><img loading=\"lazy\" decoding=\"async\" class=\"size-medium wp-image-348 alignright\" src=\"http:\/\/www.rod-rakowiec.pl\/wp-content\/uploads\/2017\/06\/Obraz30-300x226.jpg\" alt=\"\" width=\"300\" height=\"226\" srcset=\"http:\/\/www.rod-rakowiec.pl\/wp-content\/uploads\/2017\/06\/Obraz30-300x226.jpg 300w, http:\/\/www.rod-rakowiec.pl\/wp-content\/uploads\/2017\/06\/Obraz30-768x579.jpg 768w, http:\/\/www.rod-rakowiec.pl\/wp-content\/uploads\/2017\/06\/Obraz30-1024x772.jpg 1024w, http:\/\/www.rod-rakowiec.pl\/wp-content\/uploads\/2017\/06\/Obraz30.jpg 1582w\" sizes=\"auto, (max-width: 300px) 100vw, 300px\" \/><\/a>2005<\/strong>\u00a0\u2013 z Polskim Komitetem Pomocy Spo\u0142ecznej wraz z O\u015brodkiem Pomocy Spo\u0142ecznej organizuj\u0105 wczasy dla dzieci.<\/p>\n<\/div>\n<p>&nbsp;<\/p>\n<p>&nbsp;<\/p>\n<p>&nbsp;<\/p>\n<p>&nbsp;<\/p>\n<h4><strong>Dok\u0142adniejsza i obszerniejsza historia Ogrodu znajduje si\u0119\u00a0<a href=\"http:\/\/www.rod-rakowiec.pl\/wp-content\/uploads\/2017\/02\/historia.pdf\" target=\"_blank\" rel=\"noopener noreferrer\">pod tym linkiem<\/a>.<\/strong><\/h4>\n<\/div>\n<\/div>\n<\/div>\n<\/div>\n<\/div>\n<\/div>\n<\/div>\n","protected":false},"excerpt":{"rendered":"<p>Kr\u00f3tka Historia Ogrodu KIEDY POWSTA\u0141? Ogr\u00f3d dzia\u0142kowy ROD &#8222;Rakowiec&#8221; powsta\u0142 40 lat po pierwszym ogrodzie w Polsce: Grudzi\u0105dz 1887r. \u2013 K\u0105piele S\u0142oneczne\u00a0i 25 lat po pierwszym warszawskim ogrodzie: przy ul. Ody\u0144ca \u2013 Obro\u0144c\u00f3w Pokoju. Jest obecnie drugim istniej\u0105cym z najstarszych ogrod\u00f3w w Stolicy. Le\u017cy w mokotowskim klinie nawietrzaj\u0105cym Warszaw\u0119 i zajmuje oko\u0142o 19 ha. OGR\u00d3D &hellip; <\/p>\n<p class=\"link-more\"><a href=\"http:\/\/www.rod-rakowiec.pl\/?page_id=281\" class=\"more-link\">Czytaj dalej<span class=\"screen-reader-text\"> \u201eHistoria Ogrodu\u201d<\/span><\/a><\/p>\n","protected":false},"author":1,"featured_media":0,"parent":117,"menu_order":0,"comment_status":"closed","ping_status":"closed","template":"","meta":{"footnotes":""},"class_list":["post-281","page","type-page","status-publish","hentry"],"_links":{"self":[{"href":"http:\/\/www.rod-rakowiec.pl\/index.php?rest_route=\/wp\/v2\/pages\/281","targetHints":{"allow":["GET"]}}],"collection":[{"href":"http:\/\/www.rod-rakowiec.pl\/index.php?rest_route=\/wp\/v2\/pages"}],"about":[{"href":"http:\/\/www.rod-rakowiec.pl\/index.php?rest_route=\/wp\/v2\/types\/page"}],"author":[{"embeddable":true,"href":"http:\/\/www.rod-rakowiec.pl\/index.php?rest_route=\/wp\/v2\/users\/1"}],"replies":[{"embeddable":true,"href":"http:\/\/www.rod-rakowiec.pl\/index.php?rest_route=%2Fwp%2Fv2%2Fcomments&post=281"}],"version-history":[{"count":5,"href":"http:\/\/www.rod-rakowiec.pl\/index.php?rest_route=\/wp\/v2\/pages\/281\/revisions"}],"predecessor-version":[{"id":474,"href":"http:\/\/www.rod-rakowiec.pl\/index.php?rest_route=\/wp\/v2\/pages\/281\/revisions\/474"}],"up":[{"embeddable":true,"href":"http:\/\/www.rod-rakowiec.pl\/index.php?rest_route=\/wp\/v2\/pages\/117"}],"wp:attachment":[{"href":"http:\/\/www.rod-rakowiec.pl\/index.php?rest_route=%2Fwp%2Fv2%2Fmedia&parent=281"}],"curies":[{"name":"wp","href":"https:\/\/api.w.org\/{rel}","templated":true}]}}